{"id":9188,"date":"2021-04-05T18:03:06","date_gmt":"2021-04-05T16:03:06","guid":{"rendered":"http:\/\/energetisch.fit\/?post_type=konzepte&#038;p=9188"},"modified":"2021-04-05T18:03:11","modified_gmt":"2021-04-05T16:03:11","slug":"casa-e-propriedade","status":"publish","type":"konzepte","link":"https:\/\/energetisch.fit\/pt\/konzepte\/haus-und-grundstueck\/","title":{"rendered":"Casa e propriedade"},"content":{"rendered":"<p>Conceito\/modelo: <strong>Casa e propriedade<\/strong><\/p>\n\n\n\n<hr class=\"wp-block-separator is-style-wide\"\/>\n\n\n\n<ul class=\"wp-block-list\"><li>Fotos de casas e propriedades<\/li><li>Campos Ondas Radia\u00e7\u00e3o<\/li><li>Toxinas em ambientes internos Poluentes Clima interno<\/li><li>Carga de energia na propriedade<\/li><li>Fungos Bact\u00e9rias Al\u00e9rgenos<\/li><li>Mental Emocional Estresse mental<\/li><li>Exposi\u00e7\u00e3o a energias externas<\/li><\/ul>\n\n\n\n<div class=\"wp-block-columns is-layout-flex wp-container-core-columns-is-layout-9d6595d7 wp-block-columns-is-layout-flex\">\n<div class=\"wp-block-column is-layout-flow wp-block-column-is-layout-flow\">\n<p><\/p>\n\n\n\n<p>O conceito de \u201ecasa e propriedade\u201c pode ser usado para analisar e apoiar energeticamente v\u00e1rios t\u00f3picos com uma conex\u00e3o geol\u00f3gica ou geom\u00e2ntica. Esse conceito \u00e9 usado para analisar e determinar poss\u00edveis tens\u00f5es na propriedade ou em um pr\u00e9dio\/casa. Ap\u00f3s a an\u00e1lise, as tens\u00f5es encontradas podem ser corrigidas e otimizadas energeticamente.<\/p>\n<\/div>\n<\/div>\n\n\n\n<p>Esse conceito de trabalho \u00e9 muito adequado para a limpeza energ\u00e9tica de casas e propriedades e para proteg\u00ea-las da polui\u00e7\u00e3o negativa. Isso melhora a qualidade geral de vida. Uma adi\u00e7\u00e3o valiosa para o setor imobili\u00e1rio!<\/p>\n\n\n\n<p><\/p>\n\n\n\n<p><strong>Conte\u00fado (355 registros de dados):<\/strong><\/p>\n\n\n\n<p><em>Fotos de casas e propriedades:<\/em><\/p>\n\n\n\n<p>Fotos de casas, propriedades, plantas de constru\u00e7\u00e3o etc. podem ser carregadas por meio desse aplicativo e, em seguida, o \u201eteste de campo de energia\u201c pode ser realizado. Isso torna os campos de bloqueio vis\u00edveis e eles podem ser limpos e removidos energeticamente.<\/p>\n\n\n\n<p><\/p>\n\n\n\n<p><em>Campos Ondas Radia\u00e7\u00e3o:<\/em><\/p>\n\n\n\n<p>Reconhecendo e eliminando a interfer\u00eancia de campos, ondas e radia\u00e7\u00e3o. Nesse banco de dados, v\u00e1rios campos de interfer\u00eancia s\u00e3o detectados e eliminados e otimizados energeticamente.<\/p>\n\n\n\n<p><\/p>\n\n\n\n<p><em>Toxinas em ambientes internos Poluentes Clima interno:<\/em><\/p>\n\n\n\n<p>Reconhecimento e resolu\u00e7\u00e3o de dist\u00farbios causados por toxinas, poluentes e pelo clima interno. Nesse banco de dados, v\u00e1rios campos de interfer\u00eancia s\u00e3o identificados e eliminados e otimizados energeticamente.<\/p>\n\n\n\n<p><\/p>\n\n\n\n<p><em>Carga energ\u00e9tica na propriedade:<\/em><\/p>\n\n\n\n<p>Reconhecimento e resolu\u00e7\u00e3o de \u00f4nus energ\u00e9ticos na propriedade. Nesse banco de dados, v\u00e1rios \u00f4nus energ\u00e9ticos s\u00e3o identificados e eliminados e otimizados energeticamente.<\/p>\n\n\n\n<p><\/p>\n\n\n\n<p><em>Fungos Bact\u00e9rias Alerg\u00eanicos:<\/em><\/p>\n\n\n\n<p>Reconhecimento e elimina\u00e7\u00e3o da interfer\u00eancia de fungos, bact\u00e9rias e al\u00e9rgenos. V\u00e1rios campos de interfer\u00eancia s\u00e3o detectados nesse banco de dados e eliminados e otimizados energeticamente.<\/p>\n\n\n\n<p><\/p>\n\n\n\n<p><em>Mental Emocional Estresse mental:<\/em><\/p>\n\n\n\n<p>Reconhecimento e resolu\u00e7\u00e3o de dist\u00farbios causados por estresse mental, emocional e espiritual. Nesse banco de dados, v\u00e1rios campos de interfer\u00eancia s\u00e3o reconhecidos e energeticamente corrigidos e otimizados.<\/p>\n\n\n\n<p><\/p>\n\n\n\n<p><em>Exposi\u00e7\u00e3o a energias externas:<\/em><\/p>\n\n\n\n<p>Reconhecimento e resolu\u00e7\u00e3o de interfer\u00eancias de energias externas. V\u00e1rios campos de interfer\u00eancia s\u00e3o reconhecidos nesse banco de dados e corrigidos e otimizados energeticamente.<\/p>\n\n\n\n<p><\/p>\n\n\n\n<p><strong>Adequado para:<\/strong><\/p>\n\n\n\n<p>Geomancers, curandeiros naturais\/praticantes de cura, treinadores de sa\u00fade, energizadores, ...<\/p>","protected":false},"excerpt":{"rendered":"<p>Konzept\/Vorlage: Haus und Grundst\u00fcck Haus und Grundst\u00fcck Bilder Felder Wellen Strahlung Wohngifte Schadstoffe Raumklima Energetische Belastung Grundst\u00fcck Pilze Bakterien Allergene Mentale Emotionale Geistige Belastung Belastung Fremdenergien Mit dem Konzept von \u201eHaus und Grundst\u00fcck\u201c k\u00f6nnen unterschiedliche Themen mit geologischen oder auch geomantischem Bezug analysiert und energetisch unterst\u00fctzt werden. Dieses Konzept dient zur Analyse und Bestimmung m\u00f6glicher [&hellip;]<\/p>\n","protected":false},"author":1,"featured_media":0,"parent":0,"menu_order":0,"template":"","format":"standard","meta":{"_acf_changed":false,"footnotes":""},"konzepte_category":[309,307,322,329,310,311],"konzepte_tags":[323,312,314,328],"class_list":["post-9188","konzepte","type-konzepte","status-publish","format-standard","hentry","konzepte_category-berater","konzepte_category-coach","konzepte_category-energetiker","konzepte_category-geistheiler","konzepte_category-privat","konzepte_category-spirituell","konzepte_tags-energie","konzepte_tags-gesundheit","konzepte_tags-krankheitsursachen","konzepte_tags-spiritualitaet"],"acf":[],"_links":{"self":[{"href":"https:\/\/energetisch.fit\/pt\/wp-json\/wp\/v2\/konzepte\/9188","targetHints":{"allow":["GET"]}}],"collection":[{"href":"https:\/\/energetisch.fit\/pt\/wp-json\/wp\/v2\/konzepte"}],"about":[{"href":"https:\/\/energetisch.fit\/pt\/wp-json\/wp\/v2\/types\/konzepte"}],"author":[{"embeddable":true,"href":"https:\/\/energetisch.fit\/pt\/wp-json\/wp\/v2\/users\/1"}],"version-history":[{"count":0,"href":"https:\/\/energetisch.fit\/pt\/wp-json\/wp\/v2\/konzepte\/9188\/revisions"}],"wp:attachment":[{"href":"https:\/\/energetisch.fit\/pt\/wp-json\/wp\/v2\/media?parent=9188"}],"wp:term":[{"taxonomy":"konzepte_category","embeddable":true,"href":"https:\/\/energetisch.fit\/pt\/wp-json\/wp\/v2\/konzepte_category?post=9188"},{"taxonomy":"konzepte_tags","embeddable":true,"href":"https:\/\/energetisch.fit\/pt\/wp-json\/wp\/v2\/konzepte_tags?post=9188"}],"curies":[{"name":"wp","href":"https:\/\/api.w.org\/{rel}","templated":true}]}}