{"id":9186,"date":"2021-04-02T13:29:29","date_gmt":"2021-04-02T11:29:29","guid":{"rendered":"http:\/\/energetisch.fit\/?post_type=konzepte&#038;p=9186"},"modified":"2021-04-05T17:38:22","modified_gmt":"2021-04-05T15:38:22","slug":"escola-e-aprendizado","status":"publish","type":"konzepte","link":"https:\/\/energetisch.fit\/pt\/konzepte\/schule-und-lernen\/","title":{"rendered":"Escola e aprendizado"},"content":{"rendered":"<p>Conceito\/modelo: <strong>Escola e aprendizado<\/strong><\/p>\n\n\n\n<hr class=\"wp-block-separator is-style-wide\"\/>\n\n\n\n<ul class=\"wp-block-list\"><li>Otimiza\u00e7\u00e3o de problemas escolares<\/li><li>Otimiza\u00e7\u00e3o Padr\u00f5es de cren\u00e7as negativas<\/li><li>Otimiza\u00e7\u00e3o da libera\u00e7\u00e3o<\/li><li>Recursos de otimiza\u00e7\u00e3o<\/li><li>Otimiza\u00e7\u00e3o do aprendizado<\/li><li>Otimiza\u00e7\u00e3o Padr\u00f5es de cren\u00e7as positivas<\/li><\/ul>\n\n\n\n<div class=\"wp-block-columns is-layout-flex wp-container-core-columns-is-layout-9d6595d7 wp-block-columns-is-layout-flex\">\n<div class=\"wp-block-column is-layout-flow wp-block-column-is-layout-flow\">\n<p><\/p>\n\n\n\n<p>Com o conceito de \u201eescola e aprendizado\u201c, v\u00e1rias quest\u00f5es relacionadas \u00e0 escola e ao aprendizado podem ser analisadas e apoiadas de forma en\u00e9rgica. Esse conceito \u00e9 usado para analisar e determinar poss\u00edveis \u201ebloqueios de aprendizagem\u201c e apoia o aluno em sua carreira escolar.<\/p>\n<\/div>\n<\/div>\n\n\n\n<p>Os problemas de aprendizado t\u00eam causas diferentes. Na maioria dos casos, entretanto, n\u00e3o se trata apenas de uma quest\u00e3o de \u201ehabilidade\u201c, mas muito mais de \u201edesejo\u201c. O objetivo desse banco de dados \u00e9 encontrar e remover os bloqueios para que o aprendizado volte a ser divertido. <\/p>\n\n\n\n<p><\/p>\n\n\n\n<p><strong>Conte\u00fado (746 registros de dados):<\/strong><\/p>\n\n\n\n<p><em>Otimiza\u00e7\u00e3o de problemas escolares:<\/em><\/p>\n\n\n\n<p>Reconhecendo e resolvendo problemas escolares. Esse banco de dados trata dos v\u00e1rios problemas associados ao aprendizado e \u00e0 escola. Para que o sucesso seja eficaz em todos os n\u00edveis, esses problemas devem ser reconhecidos e resolvidos.<\/p>\n\n\n\n<p><\/p>\n\n\n\n<p><em>Otimiza\u00e7\u00e3o Padr\u00f5es de cren\u00e7as negativas:<\/em><\/p>\n\n\n\n<p>Reconhecer e dissolver falsos padr\u00f5es\/cren\u00e7as negativos em rela\u00e7\u00e3o \u00e0 escola e ao aprendizado. Muitas vezes, nossos falsos programas, que treinamos ou adotamos em nossas vidas, bloqueiam o caminho. Eles podem ser reconhecidos e dissolvidos aqui.<\/p>\n\n\n\n<p><\/p>\n\n\n\n<p><em>Abandonar a otimiza\u00e7\u00e3o:<\/em><\/p>\n\n\n\n<p>Abandonar comportamentos e a\u00e7\u00f5es negativos errados em rela\u00e7\u00e3o \u00e0 escola e ao aprendizado. Muitas vezes, nossos programas errados, que treinamos ou adotamos em nossas vidas, bloqueiam o caminho. Eles podem ser reconhecidos e dissolvidos aqui.<\/p>\n\n\n\n<p><\/p>\n\n\n\n<p><em>Recursos de otimiza\u00e7\u00e3o:<\/em><\/p>\n\n\n\n<p>Reconhecer, treinar e consolidar habilidades em rela\u00e7\u00e3o \u00e0 escola e ao aprendizado. Esse banco de dados mostra as compet\u00eancias e habilidades que ainda precisam ser desenvolvidas e, portanto, praticadas e colocadas em pr\u00e1tica.<\/p>\n\n\n\n<p><\/p>\n\n\n\n<p><em>Otimiza\u00e7\u00e3o da aprendizagem:<\/em><\/p>\n\n\n\n<p>Reconhecer, treinar e consolidar o comportamento de aprendizagem e tamb\u00e9m as tarefas individuais e as \u00e1reas tem\u00e1ticas em rela\u00e7\u00e3o \u00e0 escola e \u00e0 aprendizagem. Esse banco de dados mostra os t\u00f3picos que talvez ainda precisem ser desenvolvidos e, portanto, praticados e colocados em pr\u00e1tica.<\/p>\n\n\n\n<p><\/p>\n\n\n\n<p><em>Otimiza\u00e7\u00e3o Padr\u00f5es de cren\u00e7as positivas:<\/em><\/p>\n\n\n\n<p>Reconhecer, treinar e consolidar padr\u00f5es de cren\u00e7as\/cren\u00e7as positivas em rela\u00e7\u00e3o \u00e0 escola e ao aprendizado. Esse banco de dados mostra os programas positivos que talvez ainda precisem ser desenvolvidos e que, portanto, devem ser praticados e colocados em a\u00e7\u00e3o.<\/p>\n\n\n\n<p><\/p>\n\n\n\n<p><strong>Adequado para:<\/strong><\/p>\n\n\n\n<p>Treinadores, conselheiros, professores, instrutores, psic\u00f3logos, energ\u00e9ticos, ...<\/p>","protected":false},"excerpt":{"rendered":"<p>Konzept\/Vorlage: Schule und Lernen Optimierung Schulprobleme Optimierung Negative Glaubensmuster Optimierung Loslassen Optimierung F\u00e4higkeiten Optimierung Lernen Optimierung Positive Glaubensmuster Mit dem Konzept von \u201eSchule und Lernen\u201c k\u00f6nnen unterschiedliche Themen in Bezug auf Schule und Lernen analysiert und energetisch unterst\u00fctzt werden. Dieses Konzept dient zur Analyse und Bestimmung m\u00f6glicher &#8222;Lernblockaden&#8220; und unterst\u00fctzt den Sch\u00fcler in seiner Schullaufbahn. [&hellip;]<\/p>\n","protected":false},"author":1,"featured_media":0,"parent":0,"menu_order":0,"template":"","format":"standard","meta":{"_acf_changed":false,"footnotes":""},"konzepte_category":[309,307,322,310],"konzepte_tags":[318,323,319,324,315],"class_list":["post-9186","konzepte","type-konzepte","status-publish","format-standard","hentry","konzepte_category-berater","konzepte_category-coach","konzepte_category-energetiker","konzepte_category-privat","konzepte_tags-business","konzepte_tags-energie","konzepte_tags-erfolg","konzepte_tags-persoenlichkeit","konzepte_tags-psychologie"],"acf":[],"_links":{"self":[{"href":"https:\/\/energetisch.fit\/pt\/wp-json\/wp\/v2\/konzepte\/9186","targetHints":{"allow":["GET"]}}],"collection":[{"href":"https:\/\/energetisch.fit\/pt\/wp-json\/wp\/v2\/konzepte"}],"about":[{"href":"https:\/\/energetisch.fit\/pt\/wp-json\/wp\/v2\/types\/konzepte"}],"author":[{"embeddable":true,"href":"https:\/\/energetisch.fit\/pt\/wp-json\/wp\/v2\/users\/1"}],"version-history":[{"count":0,"href":"https:\/\/energetisch.fit\/pt\/wp-json\/wp\/v2\/konzepte\/9186\/revisions"}],"wp:attachment":[{"href":"https:\/\/energetisch.fit\/pt\/wp-json\/wp\/v2\/media?parent=9186"}],"wp:term":[{"taxonomy":"konzepte_category","embeddable":true,"href":"https:\/\/energetisch.fit\/pt\/wp-json\/wp\/v2\/konzepte_category?post=9186"},{"taxonomy":"konzepte_tags","embeddable":true,"href":"https:\/\/energetisch.fit\/pt\/wp-json\/wp\/v2\/konzepte_tags?post=9186"}],"curies":[{"name":"wp","href":"https:\/\/api.w.org\/{rel}","templated":true}]}}