{"id":9021,"date":"2021-03-31T13:39:52","date_gmt":"2021-03-31T11:39:52","guid":{"rendered":"http:\/\/energetisch.fit\/?post_type=konzepte&#038;p=9021"},"modified":"2021-03-31T15:12:44","modified_gmt":"2021-03-31T13:12:44","slug":"peso-ideal","status":"publish","type":"konzepte","link":"https:\/\/energetisch.fit\/pt\/konzepte\/idealgewicht\/","title":{"rendered":"Peso ideal"},"content":{"rendered":"<p>Conceito\/modelo: <strong>Peso ideal<\/strong><\/p>\n\n\n\n<hr class=\"wp-block-separator is-style-wide\"\/>\n\n\n\n<ul class=\"wp-block-list\"><li>Requisitos b\u00e1sicos<\/li><li>Causas do peso ideal<\/li><li>Tipo de alimenta\u00e7\u00e3o<\/li><li>Padr\u00f5es de cren\u00e7as negativas Peso<\/li><li>Padr\u00f5es de cren\u00e7as positivas Peso<\/li><li>Ativa\u00e7\u00e3o do corpo<\/li><\/ul>\n\n\n\n<div class=\"wp-block-columns is-layout-flex wp-container-core-columns-is-layout-9d6595d7 wp-block-columns-is-layout-flex\">\n<div class=\"wp-block-column is-layout-flow wp-block-column-is-layout-flow\">\n<p><\/p>\n\n\n\n<p>O m\u00f3dulo \u201ePeso ideal\u201c \u00e9 uma ferramenta muito \u00fatil para acompanhar a regula\u00e7\u00e3o do peso, a dieta ou uma mudan\u00e7a na alimenta\u00e7\u00e3o. Obviamente, tamb\u00e9m \u00e9 importante tomar as medidas adequadas em termos de exerc\u00edcios e nutri\u00e7\u00e3o para atingir seu peso ideal.<\/p>\n<\/div>\n<\/div>\n\n\n\n<p><\/p>\n\n\n\n<p>Os conte\u00fados dos bancos de dados ap\u00f3iam uma mudan\u00e7a bem-sucedida de h\u00e1bitos em rela\u00e7\u00e3o a um estilo de vida mais consciente para atingir e manter o peso ideal.<\/p>\n\n\n\n<p><\/p>\n\n\n\n<p>Em<strong>hold (117 registros de dados):<\/strong><\/p>\n\n\n\n<p><em>Requisitos b\u00e1sicos:<\/em><\/p>\n\n\n\n<p>Reconhecer e apoiar os requisitos b\u00e1sicos para atingir o peso ideal. Esses requisitos b\u00e1sicos formam a base para mudar seu pr\u00f3prio comportamento.<\/p>\n\n\n\n<p><\/p>\n\n\n\n<p><em>Causas do peso ideal:<\/em><\/p>\n\n\n\n<p>Reconhecer e resolver as causas. As poss\u00edveis causas individuais do ganho\/perda de peso s\u00e3o identificadas e resolvidas com o apoio das frequ\u00eancias.<\/p>\n\n\n\n<p><\/p>\n\n\n\n<p><em>Tipo de alimenta\u00e7\u00e3o:<\/em><\/p>\n\n\n\n<p>Reconhecer o tipo de alimenta\u00e7\u00e3o e resolver os h\u00e1bitos alimentares incorretos. Ao tomar conhecimento dos h\u00e1bitos alimentares incorretos, tamb\u00e9m \u00e9 poss\u00edvel obter uma mudan\u00e7a consciente. <\/p>\n\n\n\n<p><\/p>\n\n\n\n<p><em>Padr\u00f5es de cren\u00e7as negativas Peso:<\/em><\/p>\n\n\n\n<p>Reconhecer e dissolver falsos padr\u00f5es de cren\u00e7as negativas com rela\u00e7\u00e3o ao peso. Na maioria dos casos, os programas de cren\u00e7as falsas que treinamos ou adotamos em nossas vidas atrapalham nosso caminho. Eles podem ser reconhecidos e dissolvidos aqui.<\/p>\n\n\n\n<p><\/p>\n\n\n\n<p><em>Padr\u00f5es de cren\u00e7as positivas Peso:<\/em><\/p>\n\n\n\n<p>Reconhecer, treinar e consolidar padr\u00f5es de cren\u00e7as positivas em rela\u00e7\u00e3o ao peso. Esse banco de dados mostra os programas positivos que talvez ainda precisem ser desenvolvidos, praticados e colocados em a\u00e7\u00e3o.<\/p>\n\n\n\n<p><\/p>\n\n\n\n<p><em>Ativa\u00e7\u00e3o do corpo:<\/em><\/p>\n\n\n\n<p>Reconhecer e resolver os dist\u00farbios regulat\u00f3rios que bloqueiam o peso ideal. O uso desses conjuntos de dados apoia a regula\u00e7\u00e3o ideal do corpo para atingir o peso ideal. <\/p>\n\n\n\n<p><\/p>\n\n\n\n<p><strong>Adequado para:<\/strong><\/p>\n\n\n\n<p>M\u00e9dicos, curandeiros naturais\/naturopatas, psic\u00f3logos, treinadores de sa\u00fade, energizadores<\/p>","protected":false},"excerpt":{"rendered":"<p>Konzept\/Vorlage: Idealgewicht Grundvoraussetzungen Idealgewicht Ursachen Ess-Typ Negative Glaubensmuster Gewicht Positive Glaubensmuster Gewicht K\u00f6rper-Aktivierung Das Modul &#8222;Idealgewicht&#8220; ist ein sehr hilfreiches Werkzeug um eine Gewichtsregulierung, Di\u00e4t oder auch Ern\u00e4hrungsumstellung zu begleiten. Nat\u00fcrlich ist es auch wichtig, dementsprechende Ma\u00dfnahmen in der Bewegung und Ern\u00e4hrung zu treffen &#8211; um das Idealgewicht zu erreichen. Die Inhalte der Datenbanken unterst\u00fctzen [&hellip;]<\/p>\n","protected":false},"author":1,"featured_media":0,"parent":0,"menu_order":0,"template":"","format":"standard","meta":{"_acf_changed":false,"footnotes":""},"konzepte_category":[309,307,322,310,308],"konzepte_tags":[323,312,314,313],"class_list":["post-9021","konzepte","type-konzepte","status-publish","format-standard","hentry","konzepte_category-berater","konzepte_category-coach","konzepte_category-energetiker","konzepte_category-privat","konzepte_category-therapeut","konzepte_tags-energie","konzepte_tags-gesundheit","konzepte_tags-krankheitsursachen","konzepte_tags-therapie"],"acf":[],"_links":{"self":[{"href":"https:\/\/energetisch.fit\/pt\/wp-json\/wp\/v2\/konzepte\/9021","targetHints":{"allow":["GET"]}}],"collection":[{"href":"https:\/\/energetisch.fit\/pt\/wp-json\/wp\/v2\/konzepte"}],"about":[{"href":"https:\/\/energetisch.fit\/pt\/wp-json\/wp\/v2\/types\/konzepte"}],"author":[{"embeddable":true,"href":"https:\/\/energetisch.fit\/pt\/wp-json\/wp\/v2\/users\/1"}],"version-history":[{"count":0,"href":"https:\/\/energetisch.fit\/pt\/wp-json\/wp\/v2\/konzepte\/9021\/revisions"}],"wp:attachment":[{"href":"https:\/\/energetisch.fit\/pt\/wp-json\/wp\/v2\/media?parent=9021"}],"wp:term":[{"taxonomy":"konzepte_category","embeddable":true,"href":"https:\/\/energetisch.fit\/pt\/wp-json\/wp\/v2\/konzepte_category?post=9021"},{"taxonomy":"konzepte_tags","embeddable":true,"href":"https:\/\/energetisch.fit\/pt\/wp-json\/wp\/v2\/konzepte_tags?post=9021"}],"curies":[{"name":"wp","href":"https:\/\/api.w.org\/{rel}","templated":true}]}}