{"id":19376,"date":"2023-07-11T08:45:32","date_gmt":"2023-07-11T06:45:32","guid":{"rendered":"http:\/\/energetisch.fit\/?post_type=konzepte&#038;p=19376"},"modified":"2023-07-11T08:45:41","modified_gmt":"2023-07-11T06:45:41","slug":"sistemas-de-orgaos-do-corpo","status":"publish","type":"konzepte","link":"https:\/\/energetisch.fit\/pt\/konzepte\/koerper-organsysteme\/","title":{"rendered":"Sistemas corporais\/\u00f3rg\u00e3os"},"content":{"rendered":"<p>O corpo \u00e9 composto por v\u00e1rios sistemas de \u00f3rg\u00e3os que trabalham juntos para manter o corpo vivo e permitir seu funcionamento. Um sistema de \u00f3rg\u00e3os \u00e9 composto por v\u00e1rios \u00f3rg\u00e3os que, juntos, realizam uma tarefa espec\u00edfica.<\/p>\n\n\n\n<p>Com o energetisch.fit, os v\u00e1rios sistemas e \u00f3rg\u00e3os podem ser analisados quanto \u00e0 sua fun\u00e7\u00e3o e tratados e acompanhados com as frequ\u00eancias.<\/p>\n\n\n\n<figure class=\"wp-block-embed is-type-video is-provider-youtube wp-block-embed-youtube wp-embed-aspect-16-9 wp-has-aspect-ratio\"><div class=\"wp-block-embed__wrapper\">\n<iframe loading=\"lazy\" title=\"Conceito\/modelo de sistemas corporais e de \u00f3rg\u00e3os\" width=\"500\" height=\"281\" src=\"https:\/\/www.youtube.com\/embed\/jMBdnlLtWrM?feature=oembed\" frameborder=\"0\" allow=\"accelerometer; autoplay; clipboard-write; encrypted-media; gyroscope; picture-in-picture; web-share\" referrerpolicy=\"strict-origin-when-cross-origin\" allowfullscreen><\/iframe>\n<\/div><\/figure>\n\n\n\n<p><\/p>\n\n\n\n<p>Conte\u00fado:<\/p>\n\n\n\n<ul class=\"wp-block-list\">\n<li>Respira\u00e7\u00e3o<\/li>\n\n\n\n<li>Gl\u00e2ndulas<\/li>\n\n\n\n<li>Gl\u00e2ndulas+<\/li>\n\n\n\n<li>G\u00eanero feminino<\/li>\n\n\n\n<li>G\u00eanero Homem<\/li>\n\n\n\n<li>Sistema urin\u00e1rio<\/li>\n\n\n\n<li>Pele<\/li>\n\n\n\n<li>Sistema cardiovascular<\/li>\n\n\n\n<li>Ossos\/articula\u00e7\u00f5es<\/li>\n\n\n\n<li>Linfa<\/li>\n\n\n\n<li>M\u00fasculos<\/li>\n\n\n\n<li>Digest\u00e3o<\/li>\n\n\n\n<li>C\u00e9lula<\/li>\n\n\n\n<li>Sistema nervoso<\/li>\n\n\n\n<li>Dentes<\/li>\n\n\n\n<li>Coluna vertebral\/v\u00e9rtebras<\/li>\n<\/ul>","protected":false},"excerpt":{"rendered":"<p>O corpo \u00e9 composto por v\u00e1rios sistemas de \u00f3rg\u00e3os que trabalham juntos para manter o corpo vivo e permitir seu funcionamento. Um sistema de \u00f3rg\u00e3os consiste em v\u00e1rios \u00f3rg\u00e3os que, juntos, realizam uma tarefa espec\u00edfica. Com o energetisch.fit, os v\u00e1rios sistemas e \u00f3rg\u00e3os podem ser analisados quanto \u00e0 sua fun\u00e7\u00e3o e tratados e acompanhados com as freq\u00fc\u00eancias. Conte\u00fado:<\/p>","protected":false},"author":1,"featured_media":0,"parent":0,"menu_order":0,"template":"","format":"standard","meta":{"_acf_changed":false,"footnotes":""},"konzepte_category":[317,309,307,322,329,310,311,308],"konzepte_tags":[323,319,312,314,316,324,315,328,313],"class_list":["post-19376","konzepte","type-konzepte","status-publish","format-standard","hentry","konzepte_category-aufsteller","konzepte_category-berater","konzepte_category-coach","konzepte_category-energetiker","konzepte_category-geistheiler","konzepte_category-privat","konzepte_category-spirituell","konzepte_category-therapeut","konzepte_tags-energie","konzepte_tags-erfolg","konzepte_tags-gesundheit","konzepte_tags-krankheitsursachen","konzepte_tags-neue-medizin","konzepte_tags-persoenlichkeit","konzepte_tags-psychologie","konzepte_tags-spiritualitaet","konzepte_tags-therapie"],"acf":[],"_links":{"self":[{"href":"https:\/\/energetisch.fit\/pt\/wp-json\/wp\/v2\/konzepte\/19376","targetHints":{"allow":["GET"]}}],"collection":[{"href":"https:\/\/energetisch.fit\/pt\/wp-json\/wp\/v2\/konzepte"}],"about":[{"href":"https:\/\/energetisch.fit\/pt\/wp-json\/wp\/v2\/types\/konzepte"}],"author":[{"embeddable":true,"href":"https:\/\/energetisch.fit\/pt\/wp-json\/wp\/v2\/users\/1"}],"version-history":[{"count":0,"href":"https:\/\/energetisch.fit\/pt\/wp-json\/wp\/v2\/konzepte\/19376\/revisions"}],"wp:attachment":[{"href":"https:\/\/energetisch.fit\/pt\/wp-json\/wp\/v2\/media?parent=19376"}],"wp:term":[{"taxonomy":"konzepte_category","embeddable":true,"href":"https:\/\/energetisch.fit\/pt\/wp-json\/wp\/v2\/konzepte_category?post=19376"},{"taxonomy":"konzepte_tags","embeddable":true,"href":"https:\/\/energetisch.fit\/pt\/wp-json\/wp\/v2\/konzepte_tags?post=19376"}],"curies":[{"name":"wp","href":"https:\/\/api.w.org\/{rel}","templated":true}]}}