{"id":19339,"date":"2023-07-11T08:25:16","date_gmt":"2023-07-11T06:25:16","guid":{"rendered":"http:\/\/energetisch.fit\/?post_type=konzepte&#038;p=19339"},"modified":"2023-07-11T08:25:23","modified_gmt":"2023-07-11T06:25:23","slug":"medicao-de-frequencia","status":"publish","type":"konzepte","link":"https:\/\/energetisch.fit\/pt\/konzepte\/frequenzessenzen\/","title":{"rendered":"Ess\u00eancias de frequ\u00eancia"},"content":{"rendered":"<p>A ideia por tr\u00e1s das ess\u00eancias de frequ\u00eancia energ\u00e9tica baseia-se no conceito de que tudo em nosso universo tem uma vibra\u00e7\u00e3o ou frequ\u00eancia energ\u00e9tica espec\u00edfica. Essas vibra\u00e7\u00f5es devem ser capazes de influenciar nosso bem-estar f\u00edsico, emocional e mental. Ao aplicar as ess\u00eancias de frequ\u00eancia, as informa\u00e7\u00f5es energ\u00e9ticas dos materiais de origem s\u00e3o transferidas para o receptor.<\/p>\n\n\n\n<p>Na energetisch.fit, diferentes ess\u00eancias de frequ\u00eancia podem ser analisadas e tratadas com as frequ\u00eancias.<\/p>\n\n\n\n<figure class=\"wp-block-embed is-type-video is-provider-youtube wp-block-embed-youtube wp-embed-aspect-16-9 wp-has-aspect-ratio\"><div class=\"wp-block-embed__wrapper\">\n<iframe loading=\"lazy\" title=\"Ess\u00eancias de frequ\u00eancia de conceito\/modelo\" width=\"500\" height=\"281\" src=\"https:\/\/www.youtube.com\/embed\/tcxUkRCz1Do?feature=oembed\" frameborder=\"0\" allow=\"accelerometer; autoplay; clipboard-write; encrypted-media; gyroscope; picture-in-picture; web-share\" referrerpolicy=\"strict-origin-when-cross-origin\" allowfullscreen><\/iframe>\n<\/div><\/figure>\n\n\n\n<p><\/p>\n\n\n\n<p>Conte\u00fado:<\/p>\n\n\n\n<ul class=\"wp-block-list\">\n<li>Ess\u00eancias de frequ\u00eancia de animais africanos<\/li>\n\n\n\n<li>Arizona Frequency Essences<\/li>\n\n\n\n<li>Ess\u00eancias de frequ\u00eancia de flores do cerrado australiano<\/li>\n\n\n\n<li>Australian Living Frequency Essences<\/li>\n\n\n\n<li>Ess\u00eancias de frequ\u00eancia de flor de \u00e1rvore<\/li>\n\n\n\n<li>Ess\u00eancias europ\u00e9ias de frequ\u00eancia animal<\/li>\n\n\n\n<li>Ess\u00eancias de frequ\u00eancia de cereais<\/li>\n\n\n\n<li>Ess\u00eancias de frequ\u00eancia do Himalaia<\/li>\n\n\n\n<li>Ess\u00eancias de frequ\u00eancia de cactos<\/li>\n\n\n\n<li>Ess\u00eancias californianas de frequ\u00eancia floral<\/li>\n\n\n\n<li>Ess\u00eancias de frequ\u00eancia da Love Remedies<\/li>\n\n\n\n<li>Ess\u00eancias de frequ\u00eancia de cogumelos<\/li>\n\n\n\n<li>Ess\u00eancias de frequ\u00eancia animal<\/li>\n\n\n\n<li>Ess\u00eancias de frequ\u00eancia de plantas silvestres<\/li>\n<\/ul>","protected":false},"excerpt":{"rendered":"<p>Die Idee hinter energetischen Frequenzessenzen basiert auf dem Konzept, dass alles in unserem Universum eine spezifische energetische Schwingung oder Frequenz besitzt. Diese Schwingungen sollen auf unser k\u00f6rperliches, emotionales und geistiges Wohlbefinden Einfluss nehmen k\u00f6nnen. Durch die Anwendung der Frequenzessenzen wird die energetische Information der Ausgangsmaterialien auf den Empf\u00e4nger \u00fcbertragen. Bei energetisch.fit k\u00f6nnen verschieden Frequenzessenzen analysiert [&hellip;]<\/p>\n","protected":false},"author":1,"featured_media":0,"parent":0,"menu_order":0,"template":"","format":"standard","meta":{"_acf_changed":false,"footnotes":""},"konzepte_category":[317,309,307,322,329,310,311,308],"konzepte_tags":[323,316,313],"class_list":["post-19339","konzepte","type-konzepte","status-publish","format-standard","hentry","konzepte_category-aufsteller","konzepte_category-berater","konzepte_category-coach","konzepte_category-energetiker","konzepte_category-geistheiler","konzepte_category-privat","konzepte_category-spirituell","konzepte_category-therapeut","konzepte_tags-energie","konzepte_tags-neue-medizin","konzepte_tags-therapie"],"acf":[],"_links":{"self":[{"href":"https:\/\/energetisch.fit\/pt\/wp-json\/wp\/v2\/konzepte\/19339","targetHints":{"allow":["GET"]}}],"collection":[{"href":"https:\/\/energetisch.fit\/pt\/wp-json\/wp\/v2\/konzepte"}],"about":[{"href":"https:\/\/energetisch.fit\/pt\/wp-json\/wp\/v2\/types\/konzepte"}],"author":[{"embeddable":true,"href":"https:\/\/energetisch.fit\/pt\/wp-json\/wp\/v2\/users\/1"}],"version-history":[{"count":0,"href":"https:\/\/energetisch.fit\/pt\/wp-json\/wp\/v2\/konzepte\/19339\/revisions"}],"wp:attachment":[{"href":"https:\/\/energetisch.fit\/pt\/wp-json\/wp\/v2\/media?parent=19339"}],"wp:term":[{"taxonomy":"konzepte_category","embeddable":true,"href":"https:\/\/energetisch.fit\/pt\/wp-json\/wp\/v2\/konzepte_category?post=19339"},{"taxonomy":"konzepte_tags","embeddable":true,"href":"https:\/\/energetisch.fit\/pt\/wp-json\/wp\/v2\/konzepte_tags?post=19339"}],"curies":[{"name":"wp","href":"https:\/\/api.w.org\/{rel}","templated":true}]}}