{"id":9178,"date":"2021-04-02T11:49:43","date_gmt":"2021-04-02T09:49:43","guid":{"rendered":"http:\/\/energetisch.fit\/?post_type=konzepte&#038;p=9178"},"modified":"2021-04-02T11:49:48","modified_gmt":"2021-04-02T09:49:48","slug":"burnout","status":"publish","type":"konzepte","link":"https:\/\/energetisch.fit\/fr\/konzepte\/burnout\/","title":{"rendered":"Burnout"},"content":{"rendered":"<p>Concept\/mod\u00e8le : <strong>Burnout<\/strong><\/p>\n\n\n\n<hr class=\"wp-block-separator is-style-wide\"\/>\n\n\n\n<ul class=\"wp-block-list\"><li>Sympt\u00f4mes de burnout<\/li><li>Comportement inadapt\u00e9 au burnout<\/li><li>Causes du burnout<\/li><li>Stades de burnout<\/li><li>Croyances n\u00e9gatives sur le burnout<\/li><li>Croyances positives sur le burnout<\/li><li>Conseils en cas de burnout<\/li><\/ul>\n\n\n\n<div class=\"wp-block-columns is-layout-flex wp-container-core-columns-is-layout-9d6595d7 wp-block-columns-is-layout-flex\">\n<div class=\"wp-block-column is-layout-flow wp-block-column-is-layout-flow\">\n<p><\/p>\n\n\n\n<p>Avec le concept de \u201eburnout\u201c, les 7 th\u00e8mes et points de vue les plus importants autour de la d\u00e9pression d'\u00e9puisement ou du manque d'\u00e9nergie sont mis en lumi\u00e8re. L'utilisateur obtient ainsi une approche globale de ce probl\u00e8me.<\/p>\n<\/div>\n<\/div>\n\n\n\n<p class=\"wp-embed-aspect-16-9 wp-has-aspect-ratio\"><\/p>\n\n\n\n<p class=\"wp-embed-aspect-16-9 wp-has-aspect-ratio\">Ces derni\u00e8res ann\u00e9es, le probl\u00e8me du burnout a pris une ampleur consid\u00e9rable. De plus en plus de personnes se plaignent de fatigue et d'\u00e9puisement. Il ne s'agit plus, comme autrefois, principalement de \u201ebusiness\u201c ou d\u201e\u201chommes d'affaires\", mais nous vivons aujourd'hui dans une soci\u00e9t\u00e9 o\u00f9 tout le monde peut \u00eatre concern\u00e9.<\/p>\n\n\n\n<p class=\"wp-embed-aspect-16-9 wp-has-aspect-ratio\"><\/p>\n\n\n\n<p class=\"wp-embed-aspect-16-9 wp-has-aspect-ratio\"><strong>Contenu (510 enregistrements) :<\/strong><\/p>\n\n\n\n<p class=\"wp-embed-aspect-16-9 wp-has-aspect-ratio\"><em>Les sympt\u00f4mes du burnout :<\/em><\/p>\n\n\n\n<p class=\"wp-embed-aspect-16-9 wp-has-aspect-ratio\">Reconna\u00eetre et r\u00e9soudre les sympt\u00f4mes et leur cause. Les sympt\u00f4mes sont souvent la \u201epointe de l'iceberg\u201c et indiquent souvent o\u00f9 se trouve le blocage. Toutefois, le sympt\u00f4me n'est pas toujours la cause.<\/p>\n\n\n\n<p class=\"wp-embed-aspect-16-9 wp-has-aspect-ratio\"><\/p>\n\n\n\n<p class=\"wp-embed-aspect-16-9 wp-has-aspect-ratio\"><em>Mauvaise conduite en cas de burnout :<\/em><\/p>\n\n\n\n<p class=\"wp-embed-aspect-16-9 wp-has-aspect-ratio\">Reconna\u00eetre et r\u00e9soudre les comportements erron\u00e9s en rapport avec le burnout. Il s'agit ici de reconna\u00eetre le comportement erron\u00e9, de l'accepter et ensuite, bien s\u00fbr, de le modifier.<\/p>\n\n\n\n<p class=\"wp-embed-aspect-16-9 wp-has-aspect-ratio\"><\/p>\n\n\n\n<p class=\"wp-embed-aspect-16-9 wp-has-aspect-ratio\"><em>Les causes du burnout :<\/em><\/p>\n\n\n\n<p class=\"wp-embed-aspect-16-9 wp-has-aspect-ratio\">Identifier et r\u00e9soudre les causes derri\u00e8re le mauvais comportement et le burnout. Bien entendu, il est \u00e9galement tr\u00e8s important de trouver les causes r\u00e9elles et de les r\u00e9soudre.  <\/p>\n\n\n\n<p><\/p>\n\n\n\n<p class=\"wp-embed-aspect-16-9 wp-has-aspect-ratio\"><em>Les stades du burnout :<\/em><\/p>\n\n\n\n<p class=\"wp-embed-aspect-16-9 wp-has-aspect-ratio\">Reconna\u00eetre et r\u00e9soudre les stades du burnout. Les 12 stades diff\u00e9rents du burnout sont analys\u00e9s et trait\u00e9s ici. Souvent, il ne s'agit pas seulement de stades isol\u00e9s, mais une combinaison de diff\u00e9rents stades peut \u00eatre efficace.<\/p>\n\n\n\n<p class=\"wp-embed-aspect-16-9 wp-has-aspect-ratio\"><\/p>\n\n\n\n<p class=\"wp-embed-aspect-16-9 wp-has-aspect-ratio\"><em>Croyances n\u00e9gatives sur le burnout :<\/em><\/p>\n\n\n\n<p class=\"wp-embed-aspect-16-9 wp-has-aspect-ratio\">Reconna\u00eetre et dissoudre les fausses croyances n\u00e9gatives en rapport avec le burnout. Tr\u00e8s souvent, nos programmes erron\u00e9s, que nous avons entra\u00een\u00e9s ou adopt\u00e9s au cours de notre vie, bloquent le chemin. Il est possible ici de les reconna\u00eetre et de les dissoudre.<\/p>\n\n\n\n<p class=\"wp-embed-aspect-16-9 wp-has-aspect-ratio\"><\/p>\n\n\n\n<p class=\"wp-embed-aspect-16-9 wp-has-aspect-ratio\"><em>Croyances positives sur le burnout :<\/em><\/p>\n\n\n\n<p class=\"wp-embed-aspect-16-9 wp-has-aspect-ratio\">Reconna\u00eetre, entra\u00eener et consolider les sch\u00e9mas de croyance\/croyances positifs en rapport avec le th\u00e8me du burnout. Dans cette base de donn\u00e9es apparaissent les programmes positifs qui devraient peut-\u00eatre encore \u00eatre d\u00e9velopp\u00e9s - et donc exerc\u00e9s et mis en pratique dans l'action.<\/p>\n\n\n\n<p class=\"wp-embed-aspect-16-9 wp-has-aspect-ratio\"><\/p>\n\n\n\n<p class=\"wp-embed-aspect-16-9 wp-has-aspect-ratio\"><em>Conseils sur le burnout :<\/em><\/p>\n\n\n\n<p class=\"wp-embed-aspect-16-9 wp-has-aspect-ratio\">Reconna\u00eetre et mettre en \u0153uvre des conseils et des solutions. Il s'agit ici d'identifier des astuces et des solutions possibles pour am\u00e9liorer le burn-out et aussi de les mettre en pratique dans l'action.<\/p>\n\n\n\n<p class=\"wp-embed-aspect-16-9 wp-has-aspect-ratio\"><\/p>\n\n\n\n<p class=\"wp-embed-aspect-16-9 wp-has-aspect-ratio\"><strong>Convient pour :<\/strong><\/p>\n\n\n\n<p class=\"wp-embed-aspect-16-9 wp-has-aspect-ratio\">M\u00e9decins, naturopathes, psychologues, coachs de sant\u00e9, \u00e9nerg\u00e9ticiens<\/p>","protected":false},"excerpt":{"rendered":"<p>Konzept\/Vorlage: Burnout Burnout-Symptome Burnout-Fehlverhalten Burnout-Ursachen Burnout-Stadien Burnout-Negative Glaubenss\u00e4tze Burnout-Positive Glaubenss\u00e4tze Burnout-Tipps Mit dem Konzept von \u201eBurnout\u201c werden die 7 wichtigsten Themen und Sichtweisen rund um die Ersch\u00f6pfungsdepression oder auch die Energielosigkeit beleuchtet. Dadurch bekommt der Anwender eine ganzheitliche Betrachtungsweise auf dieses Problem. In den letzten Jahren hat das Problem das Burnout extrem zugenommen. Immer mehr [&hellip;]<\/p>\n","protected":false},"author":1,"featured_media":0,"parent":0,"menu_order":0,"template":"","format":"standard","meta":{"_acf_changed":false,"footnotes":""},"konzepte_category":[309,307,322,310,308],"konzepte_tags":[318,323,319,312,324,315,313],"class_list":["post-9178","konzepte","type-konzepte","status-publish","format-standard","hentry","konzepte_category-berater","konzepte_category-coach","konzepte_category-energetiker","konzepte_category-privat","konzepte_category-therapeut","konzepte_tags-business","konzepte_tags-energie","konzepte_tags-erfolg","konzepte_tags-gesundheit","konzepte_tags-persoenlichkeit","konzepte_tags-psychologie","konzepte_tags-therapie"],"acf":[],"_links":{"self":[{"href":"https:\/\/energetisch.fit\/fr\/wp-json\/wp\/v2\/konzepte\/9178","targetHints":{"allow":["GET"]}}],"collection":[{"href":"https:\/\/energetisch.fit\/fr\/wp-json\/wp\/v2\/konzepte"}],"about":[{"href":"https:\/\/energetisch.fit\/fr\/wp-json\/wp\/v2\/types\/konzepte"}],"author":[{"embeddable":true,"href":"https:\/\/energetisch.fit\/fr\/wp-json\/wp\/v2\/users\/1"}],"version-history":[{"count":0,"href":"https:\/\/energetisch.fit\/fr\/wp-json\/wp\/v2\/konzepte\/9178\/revisions"}],"wp:attachment":[{"href":"https:\/\/energetisch.fit\/fr\/wp-json\/wp\/v2\/media?parent=9178"}],"wp:term":[{"taxonomy":"konzepte_category","embeddable":true,"href":"https:\/\/energetisch.fit\/fr\/wp-json\/wp\/v2\/konzepte_category?post=9178"},{"taxonomy":"konzepte_tags","embeddable":true,"href":"https:\/\/energetisch.fit\/fr\/wp-json\/wp\/v2\/konzepte_tags?post=9178"}],"curies":[{"name":"wp","href":"https:\/\/api.w.org\/{rel}","templated":true}]}}