{"id":8822,"date":"2021-03-26T13:36:28","date_gmt":"2021-03-26T12:36:28","guid":{"rendered":"http:\/\/energetisch.fit\/?post_type=konzepte&#038;p=8822"},"modified":"2021-03-31T10:56:59","modified_gmt":"2021-03-31T08:56:59","slug":"personnalite","status":"publish","type":"konzepte","link":"https:\/\/energetisch.fit\/fr\/konzepte\/persoenlichkeit\/","title":{"rendered":"Personnalit\u00e9"},"content":{"rendered":"<p>Concept\/mod\u00e8le : <strong>Personnalit\u00e9<\/strong><\/p>\n\n\n\n<hr class=\"wp-block-separator is-style-wide\"\/>\n\n\n\n<ul class=\"wp-block-list\"><li>Type de base\/\u00e9nergie de base<\/li><li>Sentiments\/mod\u00e8les de r\u00e9action<\/li><li>Conflits\/traumatismes<\/li><li>Mauvaises habitudes de pens\u00e9e<\/li><li>Mauvaises habitudes \u00e9motionnelles<\/li><li>besoin\/d\u00e9sir<\/li><li>Suggestion\/Solution<\/li><\/ul>\n\n\n\n<div class=\"wp-block-columns is-layout-flex wp-container-core-columns-is-layout-9d6595d7 wp-block-columns-is-layout-flex\">\n<div class=\"wp-block-column is-layout-flow wp-block-column-is-layout-flow\">\n<p><\/p>\n\n\n\n<p>Nous partons du principe que nous ne sommes pas tous les jours de la m\u00eame humeur, mais que notre personnalit\u00e9 est aussi tr\u00e8s \u00e9troitement li\u00e9e \u00e0 nos rythmes biologiques. Le module de personnalit\u00e9 doit aider \u00e0 mieux se conna\u00eetre, \u00e0 s'accepter et aussi \u00e0 se transformer.<\/p>\n<\/div>\n<\/div>\n\n\n\n<figure class=\"wp-block-embed is-type-video is-provider-youtube wp-block-embed-youtube wp-embed-aspect-16-9 wp-has-aspect-ratio\"><div class=\"wp-block-embed__wrapper\">\n<iframe loading=\"lazy\" title=\"Personnalit\u00e9 : analyse et interpr\u00e9tation\" width=\"500\" height=\"281\" src=\"https:\/\/www.youtube.com\/embed\/uD9FNmA3LJI?feature=oembed\" frameborder=\"0\" allow=\"accelerometer; autoplay; clipboard-write; encrypted-media; gyroscope; picture-in-picture; web-share\" referrerpolicy=\"strict-origin-when-cross-origin\" allowfullscreen><\/iframe>\n<\/div><\/figure>\n\n\n\n<p>Pour que la vie prenne une bonne direction, il suffit souvent de trois \u00e9tapes importantes :<\/p>\n\n\n\n<ol class=\"wp-block-list\"><li>Reconna\u00eetre ce qui est<\/li><li>Accepter qui l'on est<\/li><li>L\u00e2cher prise, changer et agir<\/li><\/ol>\n\n\n\n<p>Le concept de personnalit\u00e9 soutient les \u00e9tapes importantes et facilite \u00e9galement leur franchissement.<\/p>\n\n\n\n<p><strong>Contenu (448 enregistrements) :<\/strong><\/p>\n\n\n\n<p><em>Type de base\/\u00e9nergie de base :<\/em><\/p>\n\n\n\n<p>La premi\u00e8re cat\u00e9gorie analyse ton type de base actuel ou ton \u00e9nergie de base. La terre, le feu, l'eau et l'air sont des qualit\u00e9s de base symboliques qui d\u00e9crivent notre \u00e9nergie de base.<\/p>\n\n\n\n<p><\/p>\n\n\n\n<p><em>Sentiments\/mod\u00e8les de r\u00e9action :<\/em><\/p>\n\n\n\n<p>Dans un deuxi\u00e8me temps, nous \u00e9valuons les sentiments et tes sch\u00e9mas de r\u00e9action pour savoir si nous tombons plut\u00f4t dans un sch\u00e9ma de r\u00e9action n\u00e9gatif ou positif.<\/p>\n\n\n\n<p><\/p>\n\n\n\n<p><em>Conflits\/traumatismes :<\/em><\/p>\n\n\n\n<p>Pour pouvoir comprendre plus pr\u00e9cis\u00e9ment ces sentiments, nous analysons le conflit sous-jacent et le traumatisme qui doit \u00e9ventuellement encore \u00eatre r\u00e9solu.<\/p>\n\n\n\n<p><\/p>\n\n\n\n<p><em>Des sch\u00e9mas de pens\u00e9e erron\u00e9s :<\/em><\/p>\n\n\n\n<p>En analysant les sch\u00e9mas de pens\u00e9e erron\u00e9s, nos programmes mentaux peuvent \u00eatre analys\u00e9s et \u00e9galement corrig\u00e9s.<\/p>\n\n\n\n<p><\/p>\n\n\n\n<p><em>Des sch\u00e9mas \u00e9motionnels erron\u00e9s :<\/em><\/p>\n\n\n\n<p>Derri\u00e8re nos sch\u00e9mas de pens\u00e9e se cachent aussi tr\u00e8s souvent nos sch\u00e9mas \u00e9motionnels erron\u00e9s, qui nous montrent exactement quels programmes \u00e9motionnels se cachent derri\u00e8re eux.<\/p>\n\n\n\n<p><\/p>\n\n\n\n<p><em>besoin\/d\u00e9sir :<\/em><\/p>\n\n\n\n<p>L'\u00e9tape suivante consiste \u00e0 identifier les besoins non satisfaits qui se cachent derri\u00e8re ces programmes, les d\u00e9sirs profonds et r\u00e9els qui doivent \u00eatre satisfaits pour que nous puissions nous d\u00e9velopper de mani\u00e8re optimale.<\/p>\n\n\n\n<p><\/p>\n\n\n\n<p><em>Suggestions\/solutions :<\/em><\/p>\n\n\n\n<p>Pour terminer le module, nous analysons les meilleures suggestions et solutions dont nous avons besoin pour un d\u00e9veloppement personnel optimal. Il s'agit bien s\u00fbr de mettre ces solutions en pratique.<\/p>\n\n\n\n<p><strong>Convient pour :<\/strong><\/p>\n\n\n\n<p>Psychologues, coachs, conseillers, \u00e9nerg\u00e9ticiens, entra\u00eeneurs de personnalit\u00e9, ...<\/p>","protected":false},"excerpt":{"rendered":"<p>Konzept\/Vorlage: Pers\u00f6nlichkeit Grundtyp\/Grundenergie Gef\u00fchle\/Reaktionsmuster Konflikte\/Traumata Falsche Denkmuster Falsche Gef\u00fchlsmuster Bed\u00fcrfnis\/Wunsch Anregung\/L\u00f6sung Wir gehen davon aus, dass wir nicht jeden Tag gleich gut drauf sind, sondern dass unsere Pers\u00f6nlichkeit auch sehr eng mit unseren biologischen Rhythmen verbunden sind. Das Pers\u00f6nlichkeitsmodul soll dabei helfen, sich selbst besser zu erkennen, sich annehmen und auch ver\u00e4ndern zu k\u00f6nnen. Damit [&hellip;]<\/p>\n","protected":false},"author":1,"featured_media":0,"parent":0,"menu_order":0,"template":"","format":"standard","meta":{"_acf_changed":false,"footnotes":""},"konzepte_category":[309,307,322,310,311],"konzepte_tags":[318,323,319,324,315,313],"class_list":["post-8822","konzepte","type-konzepte","status-publish","format-standard","hentry","konzepte_category-berater","konzepte_category-coach","konzepte_category-energetiker","konzepte_category-privat","konzepte_category-spirituell","konzepte_tags-business","konzepte_tags-energie","konzepte_tags-erfolg","konzepte_tags-persoenlichkeit","konzepte_tags-psychologie","konzepte_tags-therapie"],"acf":[],"_links":{"self":[{"href":"https:\/\/energetisch.fit\/fr\/wp-json\/wp\/v2\/konzepte\/8822","targetHints":{"allow":["GET"]}}],"collection":[{"href":"https:\/\/energetisch.fit\/fr\/wp-json\/wp\/v2\/konzepte"}],"about":[{"href":"https:\/\/energetisch.fit\/fr\/wp-json\/wp\/v2\/types\/konzepte"}],"author":[{"embeddable":true,"href":"https:\/\/energetisch.fit\/fr\/wp-json\/wp\/v2\/users\/1"}],"version-history":[{"count":0,"href":"https:\/\/energetisch.fit\/fr\/wp-json\/wp\/v2\/konzepte\/8822\/revisions"}],"wp:attachment":[{"href":"https:\/\/energetisch.fit\/fr\/wp-json\/wp\/v2\/media?parent=8822"}],"wp:term":[{"taxonomy":"konzepte_category","embeddable":true,"href":"https:\/\/energetisch.fit\/fr\/wp-json\/wp\/v2\/konzepte_category?post=8822"},{"taxonomy":"konzepte_tags","embeddable":true,"href":"https:\/\/energetisch.fit\/fr\/wp-json\/wp\/v2\/konzepte_tags?post=8822"}],"curies":[{"name":"wp","href":"https:\/\/api.w.org\/{rel}","templated":true}]}}