{"id":19362,"date":"2023-07-11T08:41:37","date_gmt":"2023-07-11T06:41:37","guid":{"rendered":"http:\/\/energetisch.fit\/?post_type=konzepte&#038;p=19362"},"modified":"2023-07-11T08:41:46","modified_gmt":"2023-07-11T06:41:46","slug":"belastungen-aufloesen","status":"publish","type":"konzepte","link":"https:\/\/energetisch.fit\/en\/konzepte\/belastungen-aufloesen\/","title":{"rendered":"Belastungen aufl\u00f6sen"},"content":{"rendered":"<p>K\u00f6rperliche, geistige und seelische Belastungen k\u00f6nnen eine gro\u00dfe Herausforderung f\u00fcr uns darstellen. Sie k\u00f6nnen sowohl kurzfristig als auch langfristig auftreten und verschiedene Auswirkungen auf unser Wohlbefinden haben.<\/p>\n\n\n\n<p>Indem wir uns um unseren K\u00f6rper, unseren Geist und unsere Seele k\u00fcmmern, k\u00f6nnen wir unsere Belastbarkeit st\u00e4rken und ein besseres Gleichgewicht in unserem Leben erreichen.<\/p>\n\n\n\n<p>Mit energetisch.fit k\u00f6nnen die verschiedenen Belastungsarten analysiert und mit den Frequenzen behandelt werden.<\/p>\n\n\n\n<figure class=\"wp-block-embed is-type-video is-provider-youtube wp-block-embed-youtube wp-embed-aspect-16-9 wp-has-aspect-ratio\"><div class=\"wp-block-embed__wrapper\">\n<iframe loading=\"lazy\" title=\"Konzept\/Vorlage Belastungen aufl\u00f6sen\" width=\"500\" height=\"281\" src=\"https:\/\/www.youtube.com\/embed\/eUtd3tCyVTo?feature=oembed\" frameborder=\"0\" allow=\"accelerometer; autoplay; clipboard-write; encrypted-media; gyroscope; picture-in-picture; web-share\" referrerpolicy=\"strict-origin-when-cross-origin\" allowfullscreen><\/iframe>\n<\/div><\/figure>\n\n\n\n<p><\/p>\n\n\n\n<p>Inhalt:<\/p>\n\n\n\n<ul class=\"wp-block-list\">\n<li>K\u00f6rperliche Belastung<\/li>\n\n\n\n<li>Mangelerscheinung Belastung<\/li>\n\n\n\n<li>Nahrungs-\/Genu\u00dfmittel Belastung<\/li>\n\n\n\n<li>Bakterielle\/Virale Belastung<\/li>\n\n\n\n<li>Medikamenten Belastung<\/li>\n\n\n\n<li>Impffolgen Belastung<\/li>\n\n\n\n<li>Zahn.\/zahn\u00e4rztliche Werkstoffe Belastung<\/li>\n\n\n\n<li>Umwelt Belastung<\/li>\n\n\n\n<li>Wohnungs-\/Arbeitsplatz Belastung<\/li>\n\n\n\n<li>Psychische Belastung<\/li>\n\n\n\n<li>Therapie Empfehlung<\/li>\n<\/ul>","protected":false},"excerpt":{"rendered":"<p>K\u00f6rperliche, geistige und seelische Belastungen k\u00f6nnen eine gro\u00dfe Herausforderung f\u00fcr uns darstellen. Sie k\u00f6nnen sowohl kurzfristig als auch langfristig auftreten und verschiedene Auswirkungen auf unser Wohlbefinden haben. Indem wir uns um unseren K\u00f6rper, unseren Geist und unsere Seele k\u00fcmmern, k\u00f6nnen wir unsere Belastbarkeit st\u00e4rken und ein besseres Gleichgewicht in unserem Leben erreichen. Mit energetisch.fit k\u00f6nnen [&hellip;]<\/p>\n","protected":false},"author":1,"featured_media":0,"parent":0,"menu_order":0,"template":"","format":"standard","meta":{"_acf_changed":false,"footnotes":""},"konzepte_category":[317,309,307,322,329,310,311,308],"konzepte_tags":[330,318,323,319,312,314,316,324,315,328,313],"class_list":["post-19362","konzepte","type-konzepte","status-publish","format-standard","hentry","konzepte_category-aufsteller","konzepte_category-berater","konzepte_category-coach","konzepte_category-energetiker","konzepte_category-geistheiler","konzepte_category-privat","konzepte_category-spirituell","konzepte_category-therapeut","konzepte_tags-beziehung","konzepte_tags-business","konzepte_tags-energie","konzepte_tags-erfolg","konzepte_tags-gesundheit","konzepte_tags-krankheitsursachen","konzepte_tags-neue-medizin","konzepte_tags-persoenlichkeit","konzepte_tags-psychologie","konzepte_tags-spiritualitaet","konzepte_tags-therapie"],"acf":[],"_links":{"self":[{"href":"https:\/\/energetisch.fit\/en\/wp-json\/wp\/v2\/konzepte\/19362","targetHints":{"allow":["GET"]}}],"collection":[{"href":"https:\/\/energetisch.fit\/en\/wp-json\/wp\/v2\/konzepte"}],"about":[{"href":"https:\/\/energetisch.fit\/en\/wp-json\/wp\/v2\/types\/konzepte"}],"author":[{"embeddable":true,"href":"https:\/\/energetisch.fit\/en\/wp-json\/wp\/v2\/users\/1"}],"version-history":[{"count":0,"href":"https:\/\/energetisch.fit\/en\/wp-json\/wp\/v2\/konzepte\/19362\/revisions"}],"wp:attachment":[{"href":"https:\/\/energetisch.fit\/en\/wp-json\/wp\/v2\/media?parent=19362"}],"wp:term":[{"taxonomy":"konzepte_category","embeddable":true,"href":"https:\/\/energetisch.fit\/en\/wp-json\/wp\/v2\/konzepte_category?post=19362"},{"taxonomy":"konzepte_tags","embeddable":true,"href":"https:\/\/energetisch.fit\/en\/wp-json\/wp\/v2\/konzepte_tags?post=19362"}],"curies":[{"name":"wp","href":"https:\/\/api.w.org\/{rel}","templated":true}]}}