{"id":9188,"date":"2021-04-05T18:03:06","date_gmt":"2021-04-05T16:03:06","guid":{"rendered":"http:\/\/energetisch.fit\/?post_type=konzepte&#038;p=9188"},"modified":"2021-04-05T18:03:11","modified_gmt":"2021-04-05T16:03:11","slug":"haus-und-grundstueck","status":"publish","type":"konzepte","link":"https:\/\/energetisch.fit\/de_de\/konzepte\/haus-und-grundstueck\/","title":{"rendered":"Haus und Grundst\u00fcck"},"content":{"rendered":"\n<p>Konzept\/Vorlage: <strong>Haus und Grundst\u00fcck<\/strong><\/p>\n\n\n\n<hr class=\"wp-block-separator is-style-wide\"\/>\n\n\n\n<ul class=\"wp-block-list\"><li>Haus und Grundst\u00fcck Bilder<\/li><li>Felder Wellen Strahlung<\/li><li>Wohngifte Schadstoffe Raumklima<\/li><li>Energetische Belastung Grundst\u00fcck<\/li><li>Pilze Bakterien Allergene<\/li><li>Mentale Emotionale Geistige Belastung<\/li><li>Belastung Fremdenergien<\/li><\/ul>\n\n\n\n<div class=\"wp-block-columns is-layout-flex wp-container-core-columns-is-layout-9d6595d7 wp-block-columns-is-layout-flex\">\n<div class=\"wp-block-column is-layout-flow wp-block-column-is-layout-flow\">\n<p><\/p>\n\n\n\n<p>Mit dem Konzept von \u201eHaus und Grundst\u00fcck\u201c k\u00f6nnen unterschiedliche Themen mit geologischen oder auch geomantischem Bezug analysiert und energetisch unterst\u00fctzt werden. Dieses Konzept dient zur Analyse und Bestimmung m\u00f6glicher Belastungen am Grundst\u00fcck oder auch in einem Geb\u00e4ude\/Haus. Nach der Analyse k\u00f6nnen die gefundenen Belastungen energetisch korrigiert und optimiert werden.<\/p>\n<\/div>\n<\/div>\n\n\n\n<p>Dieses Arbeitskonzept eignet sich sehr gut, um H\u00e4user und Grundst\u00fccke energetisch zu reinigen und vor negativen Belastungen zu sch\u00fctzen. Dadurch verbessert sich die gesamte Wohnqualit\u00e4t. In der Immobilienbranche eine wertvolle Erg\u00e4nzung!<\/p>\n\n\n\n<p><\/p>\n\n\n\n<p><strong>Inhalt (355 Datens\u00e4tze):<\/strong><\/p>\n\n\n\n<p><em>Haus und Grundst\u00fcck Bilder:<\/em><\/p>\n\n\n\n<p>\u00dcber diese Anwendung k\u00f6nnen Fotos von H\u00e4usern, Grundst\u00fccken, Baupl\u00e4ne usw. hochgeladen und dann der &#8222;Energiefeldtest&#8220; gemacht werden. Dadurch werden die blockierenden Felder sichtbar gemacht und k\u00f6nnen dann auch energetisch bereinigt und entfernt werden.<\/p>\n\n\n\n<p><\/p>\n\n\n\n<p><em>Felder Wellen Strahlung:<\/em><\/p>\n\n\n\n<p>Erkennen und l\u00f6sen von St\u00f6rungen durch Felder, Wellen, Strahlen. In dieser Datenbank werden verschiedene St\u00f6rfelder erkannt und energetisch beseitigt und optimiert.<\/p>\n\n\n\n<p><\/p>\n\n\n\n<p><em>Wohngifte Schadstoffe Raumklima:<\/em><\/p>\n\n\n\n<p>Erkennen und l\u00f6sen von St\u00f6rungen durch Wohngifte, Schadstoffe und im Raumklima. In dieser Datenbank werden verschiedene St\u00f6rfelder erkannt und energetisch beseitigt und optimiert.<\/p>\n\n\n\n<p><\/p>\n\n\n\n<p><em>Energetische Belastung Grundst\u00fcck:<\/em><\/p>\n\n\n\n<p>Erkennen und l\u00f6sen von energetischen Belastungen des Grundst\u00fccks. In dieser Datenbank werden verschiedene energetische Belastungen erkannt und energetisch beseitigt und optimiert.<\/p>\n\n\n\n<p><\/p>\n\n\n\n<p><em>Pilze Bakterien Allergene:<\/em><\/p>\n\n\n\n<p>Erkennen und l\u00f6sen von St\u00f6rungen durch Pilze, Bakterien, Allergene. In dieser Datenbank werden verschiedene St\u00f6rfelder erkannt und energetisch beseitigt und optimiert.<\/p>\n\n\n\n<p><\/p>\n\n\n\n<p><em>Mentale Emotionale Geistige Belastung:<\/em><\/p>\n\n\n\n<p>Erkennen und l\u00f6sen von St\u00f6rungen durch mentale, emotionale und geistige Belastungen. In dieser Datenbank werden verschiedene St\u00f6rfelder erkannt und energetisch korrigiert und optimiert.<\/p>\n\n\n\n<p><\/p>\n\n\n\n<p><em>Belastung Fremdenergien:<\/em><\/p>\n\n\n\n<p>Erkennen und l\u00f6sen von St\u00f6rungen durch Fremdenergien. In dieser Datenbank werden verschiedene St\u00f6rfelder erkannt und energetisch korrigiert und optimiert.<\/p>\n\n\n\n<p><\/p>\n\n\n\n<p><strong>Geeignet f\u00fcr:<\/strong><\/p>\n\n\n\n<p>Geomanten, Naturheiler\/ Heilpraktiker, Gesundheits-Coaches, Energetiker, &#8230;<\/p>\n","protected":false},"excerpt":{"rendered":"<p>Konzept\/Vorlage: Haus und Grundst\u00fcck Haus und Grundst\u00fcck Bilder Felder Wellen Strahlung Wohngifte Schadstoffe Raumklima Energetische Belastung Grundst\u00fcck Pilze Bakterien Allergene Mentale Emotionale Geistige Belastung Belastung Fremdenergien Mit dem Konzept von \u201eHaus und Grundst\u00fcck\u201c k\u00f6nnen unterschiedliche Themen mit geologischen oder auch geomantischem Bezug analysiert und energetisch unterst\u00fctzt werden. Dieses Konzept dient zur Analyse und Bestimmung m\u00f6glicher [&hellip;]<\/p>\n","protected":false},"author":1,"featured_media":0,"parent":0,"menu_order":0,"template":"","format":"standard","meta":{"_acf_changed":false,"footnotes":""},"konzepte_category":[309,307,322,329,310,311],"konzepte_tags":[323,312,314,328],"class_list":["post-9188","konzepte","type-konzepte","status-publish","format-standard","hentry","konzepte_category-berater","konzepte_category-coach","konzepte_category-energetiker","konzepte_category-geistheiler","konzepte_category-privat","konzepte_category-spirituell","konzepte_tags-energie","konzepte_tags-gesundheit","konzepte_tags-krankheitsursachen","konzepte_tags-spiritualitaet"],"acf":[],"_links":{"self":[{"href":"https:\/\/energetisch.fit\/de_de\/wp-json\/wp\/v2\/konzepte\/9188","targetHints":{"allow":["GET"]}}],"collection":[{"href":"https:\/\/energetisch.fit\/de_de\/wp-json\/wp\/v2\/konzepte"}],"about":[{"href":"https:\/\/energetisch.fit\/de_de\/wp-json\/wp\/v2\/types\/konzepte"}],"author":[{"embeddable":true,"href":"https:\/\/energetisch.fit\/de_de\/wp-json\/wp\/v2\/users\/1"}],"version-history":[{"count":0,"href":"https:\/\/energetisch.fit\/de_de\/wp-json\/wp\/v2\/konzepte\/9188\/revisions"}],"wp:attachment":[{"href":"https:\/\/energetisch.fit\/de_de\/wp-json\/wp\/v2\/media?parent=9188"}],"wp:term":[{"taxonomy":"konzepte_category","embeddable":true,"href":"https:\/\/energetisch.fit\/de_de\/wp-json\/wp\/v2\/konzepte_category?post=9188"},{"taxonomy":"konzepte_tags","embeddable":true,"href":"https:\/\/energetisch.fit\/de_de\/wp-json\/wp\/v2\/konzepte_tags?post=9188"}],"curies":[{"name":"wp","href":"https:\/\/api.w.org\/{rel}","templated":true}]}}