{"id":8822,"date":"2021-03-26T13:36:28","date_gmt":"2021-03-26T12:36:28","guid":{"rendered":"http:\/\/energetisch.fit\/?post_type=konzepte&#038;p=8822"},"modified":"2021-03-31T10:56:59","modified_gmt":"2021-03-31T08:56:59","slug":"persoenlichkeit","status":"publish","type":"konzepte","link":"https:\/\/energetisch.fit\/de_de\/konzepte\/persoenlichkeit\/","title":{"rendered":"Pers\u00f6nlichkeit"},"content":{"rendered":"\n<p>Konzept\/Vorlage: <strong>Pers\u00f6nlichkeit<\/strong><\/p>\n\n\n\n<hr class=\"wp-block-separator is-style-wide\"\/>\n\n\n\n<ul class=\"wp-block-list\"><li>Grundtyp\/Grundenergie<\/li><li>Gef\u00fchle\/Reaktionsmuster<\/li><li>Konflikte\/Traumata<\/li><li>Falsche Denkmuster<\/li><li>Falsche Gef\u00fchlsmuster<\/li><li>Bed\u00fcrfnis\/Wunsch<\/li><li>Anregung\/L\u00f6sung<\/li><\/ul>\n\n\n\n<div class=\"wp-block-columns is-layout-flex wp-container-core-columns-is-layout-9d6595d7 wp-block-columns-is-layout-flex\">\n<div class=\"wp-block-column is-layout-flow wp-block-column-is-layout-flow\">\n<p><\/p>\n\n\n\n<p>Wir gehen davon aus, dass wir nicht jeden Tag gleich gut drauf sind, sondern dass unsere Pers\u00f6nlichkeit auch sehr eng mit unseren biologischen Rhythmen verbunden sind. Das Pers\u00f6nlichkeitsmodul soll dabei helfen, sich selbst besser zu erkennen, sich annehmen und auch ver\u00e4ndern zu k\u00f6nnen.<\/p>\n<\/div>\n<\/div>\n\n\n\n<figure class=\"wp-block-embed is-type-video is-provider-youtube wp-block-embed-youtube wp-embed-aspect-16-9 wp-has-aspect-ratio\"><div class=\"wp-block-embed__wrapper\">\n<iframe loading=\"lazy\" title=\"Pers\u00f6nlichkeit: Analyse und Interpretation\" width=\"500\" height=\"281\" src=\"https:\/\/www.youtube.com\/embed\/uD9FNmA3LJI?feature=oembed\" frameborder=\"0\" allow=\"accelerometer; autoplay; clipboard-write; encrypted-media; gyroscope; picture-in-picture; web-share\" referrerpolicy=\"strict-origin-when-cross-origin\" allowfullscreen><\/iframe>\n<\/div><\/figure>\n\n\n\n<p>Damit das Leben in eine gute Richtung geht, sind oft nur 3 wichtige Schritte notwendig:<\/p>\n\n\n\n<ol class=\"wp-block-list\"><li>Erkennen was ist<\/li><li>Annehmen wer man ist<\/li><li>Loslassen, Ver\u00e4ndern und Handeln<\/li><\/ol>\n\n\n\n<p>Das Pers\u00f6nlichkeitskonzept unterst\u00fctzt die wichtigen Schritte und erleichtert auch diese zu gehen.<\/p>\n\n\n\n<p><strong>Inhalt (448 Datens\u00e4tze):<\/strong><\/p>\n\n\n\n<p><em>Grundtyp\/Grundenergie:<\/em><\/p>\n\n\n\n<p>Die erste Kategorie analysiert deinen momentanen Grundtyp bzw. deine Grundenergie. Erde, Feuer, Wasser und Luft sind symbolische Grundqualit\u00e4ten, welche unsere Grundenergie beschreiben.<\/p>\n\n\n\n<p><\/p>\n\n\n\n<p><em>Gef\u00fchle\/Reaktionsmuster:<\/em><\/p>\n\n\n\n<p>Als zweiter Schritt werten wir die Gef\u00fchle und deine Reaktionsmuster aus und erkennen daran, ob wir eher in ein negatives oder positives Reaktionsmuster verfallen.<\/p>\n\n\n\n<p><\/p>\n\n\n\n<p><em>Konflikte\/Traumata:<\/em><\/p>\n\n\n\n<p>Um diese Gef\u00fchle genauer verstehen zu k\u00f6nnen, analysieren wir den dahinterstehenden Konflikt und das Trauma, welches eventuell noch gel\u00f6st werden muss.<\/p>\n\n\n\n<p><\/p>\n\n\n\n<p><em>Falsche Denkmuster:<\/em><\/p>\n\n\n\n<p>\u00dcber die Analyse der falschen Denkmuster k\u00f6nnen unsere mentalen Programme analysiert und auch korrigiert werden.<\/p>\n\n\n\n<p><\/p>\n\n\n\n<p><em>Falsche Gef\u00fchlsmuster:<\/em><\/p>\n\n\n\n<p>Hinter unseren Denkmustern verstecken sich auch sehr oft unsere falschen Gef\u00fchlsmuster, welche uns genau darstellen, welche emotionalen Programme dahinter verborgen sind.<\/p>\n\n\n\n<p><\/p>\n\n\n\n<p><em>Bed\u00fcrfnis\/Wunsch:<\/em><\/p>\n\n\n\n<p>Der n\u00e4chste Schritt besteht darin, zu erkennen, welche unerf\u00fcllten Bed\u00fcrfnisse hinter diesen Programmen stehen, welche tiefen und wirklichen W\u00fcnsche erf\u00fcllt sein m\u00fcssen, damit wir uns optimal entwickeln k\u00f6nnen.<\/p>\n\n\n\n<p><\/p>\n\n\n\n<p><em>Anregungen\/L\u00f6sungen:<\/em><\/p>\n\n\n\n<p>Zum Abschluss des Moduls analysieren wir die besten Anregungen und L\u00f6sungen, welche wir f\u00fcr eine optimale Pers\u00f6nlichkeitsentwicklung brauchen. Hier geht es nat\u00fcrlich auch darum, diese L\u00f6sungen auch in die Tat umzusetzen.<\/p>\n\n\n\n<p><strong>Geeignet f\u00fcr:<\/strong><\/p>\n\n\n\n<p>Psychologen, Coaches, Berater, Energetiker, Pers\u00f6nlichkeitstrainer, &#8230;<\/p>\n","protected":false},"excerpt":{"rendered":"<p>Konzept\/Vorlage: Pers\u00f6nlichkeit Grundtyp\/Grundenergie Gef\u00fchle\/Reaktionsmuster Konflikte\/Traumata Falsche Denkmuster Falsche Gef\u00fchlsmuster Bed\u00fcrfnis\/Wunsch Anregung\/L\u00f6sung Wir gehen davon aus, dass wir nicht jeden Tag gleich gut drauf sind, sondern dass unsere Pers\u00f6nlichkeit auch sehr eng mit unseren biologischen Rhythmen verbunden sind. Das Pers\u00f6nlichkeitsmodul soll dabei helfen, sich selbst besser zu erkennen, sich annehmen und auch ver\u00e4ndern zu k\u00f6nnen. Damit [&hellip;]<\/p>\n","protected":false},"author":1,"featured_media":0,"parent":0,"menu_order":0,"template":"","format":"standard","meta":{"_acf_changed":false,"footnotes":""},"konzepte_category":[309,307,322,310,311],"konzepte_tags":[318,323,319,324,315,313],"class_list":["post-8822","konzepte","type-konzepte","status-publish","format-standard","hentry","konzepte_category-berater","konzepte_category-coach","konzepte_category-energetiker","konzepte_category-privat","konzepte_category-spirituell","konzepte_tags-business","konzepte_tags-energie","konzepte_tags-erfolg","konzepte_tags-persoenlichkeit","konzepte_tags-psychologie","konzepte_tags-therapie"],"acf":[],"_links":{"self":[{"href":"https:\/\/energetisch.fit\/de_de\/wp-json\/wp\/v2\/konzepte\/8822","targetHints":{"allow":["GET"]}}],"collection":[{"href":"https:\/\/energetisch.fit\/de_de\/wp-json\/wp\/v2\/konzepte"}],"about":[{"href":"https:\/\/energetisch.fit\/de_de\/wp-json\/wp\/v2\/types\/konzepte"}],"author":[{"embeddable":true,"href":"https:\/\/energetisch.fit\/de_de\/wp-json\/wp\/v2\/users\/1"}],"version-history":[{"count":0,"href":"https:\/\/energetisch.fit\/de_de\/wp-json\/wp\/v2\/konzepte\/8822\/revisions"}],"wp:attachment":[{"href":"https:\/\/energetisch.fit\/de_de\/wp-json\/wp\/v2\/media?parent=8822"}],"wp:term":[{"taxonomy":"konzepte_category","embeddable":true,"href":"https:\/\/energetisch.fit\/de_de\/wp-json\/wp\/v2\/konzepte_category?post=8822"},{"taxonomy":"konzepte_tags","embeddable":true,"href":"https:\/\/energetisch.fit\/de_de\/wp-json\/wp\/v2\/konzepte_tags?post=8822"}],"curies":[{"name":"wp","href":"https:\/\/api.w.org\/{rel}","templated":true}]}}